{"id":5845,"date":"2024-03-07T22:07:34","date_gmt":"2024-03-07T20:07:34","guid":{"rendered":"https:\/\/sermujerytrabajo.es\/?page_id=5845"},"modified":"2026-04-22T13:50:14","modified_gmt":"2026-04-22T11:50:14","slug":"opinion","status":"publish","type":"page","link":"https:\/\/sermujerytrabajo.es\/?page_id=5845","title":{"rendered":"OPINI\u00d3N"},"content":{"rendered":"\t\t<div data-elementor-type=\"wp-page\" data-elementor-id=\"5845\" class=\"elementor elementor-5845\">\n\t\t\t\t\t\t<section class=\"elementor-section elementor-top-section elementor-element elementor-element-1295eea8 elementor-section-boxed elementor-section-height-default elementor-section-height-default\" data-id=\"1295eea8\" data-element_type=\"section\">\n\t\t\t\t\t\t<div class=\"elementor-container elementor-column-gap-default\">\n\t\t\t\t\t<div class=\"elementor-column elementor-col-100 elementor-top-column elementor-element elementor-element-5d67488\" data-id=\"5d67488\" data-element_type=\"column\">\n\t\t\t<div class=\"elementor-widget-wrap elementor-element-populated\">\n\t\t\t\t\t\t<div class=\"elementor-element elementor-element-0c9dfd1 elementor-widget-divider--view-line elementor-widget elementor-widget-divider\" data-id=\"0c9dfd1\" data-element_type=\"widget\" data-widget_type=\"divider.default\">\n\t\t\t\t<div class=\"elementor-widget-container\">\n\t\t\t\t\t<div class=\"elementor-divider\">\n\t\t\t<span class=\"elementor-divider-separator\">\n\t\t\t\t\t\t<\/span>\n\t\t<\/div>\n\t\t\t\t<\/div>\n\t\t\t\t<\/div>\n\t\t\t\t<div class=\"elementor-element elementor-element-a55689c elementor-align-center elementor-widget elementor-widget-button\" data-id=\"a55689c\" data-element_type=\"widget\" data-widget_type=\"button.default\">\n\t\t\t\t<div class=\"elementor-widget-container\">\n\t\t\t\t\t<div class=\"elementor-button-wrapper\">\n\t\t\t<a class=\"elementor-button elementor-button-link elementor-size-sm\" href=\"https:\/\/sermujerytrabajo.es\/?p=8392\">\n\t\t\t\t\t\t<span class=\"elementor-button-content-wrapper\">\n\t\t\t\t\t\t\t\t\t<span class=\"elementor-button-text\">LUCES Y SOMBRAS DEL EMPLEO FEMENINO EN 2025: M\u00c1S ACTIVAS, M\u00c1S OCUPADAS MAYORES DE 50 Y M\u00c1S EXTRANJERAS. PERO MENOR PESSO EN EL EMPLEO Por Rosa Mart\u00ednez y Juan Carlos Campa\u00f1a - Marzo 2026<\/span>\n\t\t\t\t\t<\/span>\n\t\t\t\t\t<\/a>\n\t\t<\/div>\n\t\t\t\t<\/div>\n\t\t\t\t<\/div>\n\t\t\t\t<div class=\"elementor-element elementor-element-e39e5ee elementor-align-center elementor-widget elementor-widget-button\" data-id=\"e39e5ee\" data-element_type=\"widget\" data-widget_type=\"button.default\">\n\t\t\t\t<div class=\"elementor-widget-container\">\n\t\t\t\t\t<div class=\"elementor-button-wrapper\">\n\t\t\t<a class=\"elementor-button elementor-button-link elementor-size-sm\" href=\"https:\/\/sermujerytrabajo.es\/?p=8508\">\n\t\t\t\t\t\t<span class=\"elementor-button-content-wrapper\">\n\t\t\t\t\t\t\t\t\t<span class=\"elementor-button-text\">PERSPECTIVA DE GENERO COMO PRINCPIO EN LA MODIFICACI\u00d3N DE LA LEY DE PREVENCI\u00d3N DE RIESGOS LABORALES Por Josefa Romeral Hern\u00e1ndez - Marzo 2026<\/span>\n\t\t\t\t\t<\/span>\n\t\t\t\t\t<\/a>\n\t\t<\/div>\n\t\t\t\t<\/div>\n\t\t\t\t<\/div>\n\t\t\t\t<div class=\"elementor-element elementor-element-307a0b1 elementor-align-center elementor-widget elementor-widget-button\" data-id=\"307a0b1\" data-element_type=\"widget\" data-widget_type=\"button.default\">\n\t\t\t\t<div class=\"elementor-widget-container\">\n\t\t\t\t\t<div class=\"elementor-button-wrapper\">\n\t\t\t<a class=\"elementor-button elementor-button-link elementor-size-sm\" href=\"https:\/\/sermujerytrabajo.es\/wp-content\/uploads\/2025\/11\/AVANCES-Y-DIFICULTADES-EN-TORNO-AL-RD-VF.docx\">\n\t\t\t\t\t\t<span class=\"elementor-button-content-wrapper\">\n\t\t\t\t\t\t\t\t\t<span class=\"elementor-button-text\">AVANCES Y DIFICULTADES EN TORNO AL RD-LEY 9\/2025, DE 29 DE JULIO: PRONUNCIAMIENTOS JUDICIALES Y PRIMEROS DATOS DE LA SEGURIDAD SOCIAL Por Carlos Roberto Campo- Noviembre 2025<\/span>\n\t\t\t\t\t<\/span>\n\t\t\t\t\t<\/a>\n\t\t<\/div>\n\t\t\t\t<\/div>\n\t\t\t\t<\/div>\n\t\t\t\t<div class=\"elementor-element elementor-element-67f3241 elementor-align-center elementor-widget elementor-widget-button\" data-id=\"67f3241\" data-element_type=\"widget\" data-widget_type=\"button.default\">\n\t\t\t\t<div class=\"elementor-widget-container\">\n\t\t\t\t\t<div class=\"elementor-button-wrapper\">\n\t\t\t<a class=\"elementor-button elementor-button-link elementor-size-sm\" href=\"https:\/\/sermujerytrabajo.es\/?p=8392\">\n\t\t\t\t\t\t<span class=\"elementor-button-content-wrapper\">\n\t\t\t\t\t\t\t\t\t<span class=\"elementor-button-text\">LUCES Y SOMBRAS DEL EMPLEO FEMENINO EN 2025: M\u00c1S ACTIVAS, M\u00c1S OCUPADAS MAYORES DE 50 Y M\u00c1S EXTRANJERAS, PERO MENOR PESO EN EL EMPLEO TIC Por Rosa Mart\u00ednez y Juan Carlos  Campa\u00f1a Marzo 2026<\/span>\n\t\t\t\t\t<\/span>\n\t\t\t\t\t<\/a>\n\t\t<\/div>\n\t\t\t\t<\/div>\n\t\t\t\t<\/div>\n\t\t\t\t<div class=\"elementor-element elementor-element-463a4f4 elementor-align-center elementor-widget elementor-widget-button\" data-id=\"463a4f4\" data-element_type=\"widget\" data-widget_type=\"button.default\">\n\t\t\t\t<div class=\"elementor-widget-container\">\n\t\t\t\t\t<div class=\"elementor-button-wrapper\">\n\t\t\t<a class=\"elementor-button elementor-button-link elementor-size-sm\" href=\"https:\/\/sermujerytrabajo.es\/?p=7657\">\n\t\t\t\t\t\t<span class=\"elementor-button-content-wrapper\">\n\t\t\t\t\t\t\t\t\t<span class=\"elementor-button-text\">DESCONEXI\u00d3N DIGITAL: UN AVANCE FUNDAMENTAL EN EL PROYECTO DE LEY PARA LA REDUCCI\u00d3N DE LA DURACI\u00d3N DE LA JORNADA M\u00c1XIMA Por M. Luisa Molero Mara\u00f1\u00f3n - Mayo 2025<\/span>\n\t\t\t\t\t<\/span>\n\t\t\t\t\t<\/a>\n\t\t<\/div>\n\t\t\t\t<\/div>\n\t\t\t\t<\/div>\n\t\t\t\t<div class=\"elementor-element elementor-element-8f450b7 elementor-align-center elementor-widget elementor-widget-button\" data-id=\"8f450b7\" data-element_type=\"widget\" data-widget_type=\"button.default\">\n\t\t\t\t<div class=\"elementor-widget-container\">\n\t\t\t\t\t<div class=\"elementor-button-wrapper\">\n\t\t\t<a class=\"elementor-button elementor-button-link elementor-size-sm\" href=\"https:\/\/sermujerytrabajo.es\/wp-content\/uploads\/2025\/04\/Brecha-digital-el-nuevo-rostro-de-la-desigualdad-de-genero-1.pdf\">\n\t\t\t\t\t\t<span class=\"elementor-button-content-wrapper\">\n\t\t\t\t\t\t\t\t\t<span class=\"elementor-button-text\">EL NUEVO ROSTRO DE LA DESIGUALDAD DE G\u00c9NERO, POR MAGDALENA NOGUEIRA GUASTAVINO - Abril 2025<\/span>\n\t\t\t\t\t<\/span>\n\t\t\t\t\t<\/a>\n\t\t<\/div>\n\t\t\t\t<\/div>\n\t\t\t\t<\/div>\n\t\t\t\t<div class=\"elementor-element elementor-element-2086712 elementor-widget elementor-widget-button\" data-id=\"2086712\" data-element_type=\"widget\" data-widget_type=\"button.default\">\n\t\t\t\t<div class=\"elementor-widget-container\">\n\t\t\t\t\t<div class=\"elementor-button-wrapper\">\n\t\t\t<a class=\"elementor-button elementor-button-link elementor-size-sm\" href=\"http:\/\/LOS%20ECONOMISTAS%20DEL%20GRUPO%20SER%20MUJER%20ANALIZAN%20EL%20EMPLEO%20DE%20LAS%20MUJERES%20EN%202024.%20%20Por%20Rosa%20M\u00aa%20Martinez%20y%20Juan%20Carlos%20Campana\">\n\t\t\t\t\t\t<span class=\"elementor-button-content-wrapper\">\n\t\t\t\t\t\t\t\t\t<span class=\"elementor-button-text\">LOS ECONOMISTAS DEL GRUPO SER MUJER ANALIZAN EL EMPLEO DE LAS MUJERES EN 2024.  Por Rosa M\u00aa Martinez y Juan Carlos Campana - Abril 2025<\/span>\n\t\t\t\t\t<\/span>\n\t\t\t\t\t<\/a>\n\t\t<\/div>\n\t\t\t\t<\/div>\n\t\t\t\t<\/div>\n\t\t\t\t<div class=\"elementor-element elementor-element-b17bc4f elementor-widget elementor-widget-button\" data-id=\"b17bc4f\" data-element_type=\"widget\" data-widget_type=\"button.default\">\n\t\t\t\t<div class=\"elementor-widget-container\">\n\t\t\t\t\t<div class=\"elementor-button-wrapper\">\n\t\t\t<a class=\"elementor-button elementor-button-link elementor-size-sm\" href=\"https:\/\/sermujerytrabajo.es\/wp-content\/uploads\/2025\/03\/Editorial-Mujeres-en-cifras-2024-final-1.docx\">\n\t\t\t\t\t\t<span class=\"elementor-button-content-wrapper\">\n\t\t\t\t\t\t\t\t\t<span class=\"elementor-button-text\">EL EMPLEO DE LAS MUJERES EN 2024: PESE AL CONTEXTO GLOBAL FAVORABLE, PERSISTEN BRECHAS QUE FRENAN EL AVANCE HACIA LA IGUALDAD POR MAR\u00cdA ROSA  MART\u00cdNEZ Y JUAN CARLOS CAMPA\u00d1A  -  Marzo 2025<\/span>\n\t\t\t\t\t<\/span>\n\t\t\t\t\t<\/a>\n\t\t<\/div>\n\t\t\t\t<\/div>\n\t\t\t\t<\/div>\n\t\t\t\t<div class=\"elementor-element elementor-element-a0f57e8 elementor-align-center elementor-widget elementor-widget-button\" data-id=\"a0f57e8\" data-element_type=\"widget\" data-widget_type=\"button.default\">\n\t\t\t\t<div class=\"elementor-widget-container\">\n\t\t\t\t\t<div class=\"elementor-button-wrapper\">\n\t\t\t<a class=\"elementor-button elementor-button-link elementor-size-sm\" href=\"https:\/\/sermujerytrabajo.es\/?p=7274\">\n\t\t\t\t\t\t<span class=\"elementor-button-content-wrapper\">\n\t\t\t\t\t\t\t\t\t<span class=\"elementor-button-text\">22 DE FEBRERO D\u00cdA DE LA IGUALDAD SALARIAL  POR MACARENA CASTRO- Febrero 2025<\/span>\n\t\t\t\t\t<\/span>\n\t\t\t\t\t<\/a>\n\t\t<\/div>\n\t\t\t\t<\/div>\n\t\t\t\t<\/div>\n\t\t\t\t<div class=\"elementor-element elementor-element-af89183 elementor-align-center elementor-widget elementor-widget-button\" data-id=\"af89183\" data-element_type=\"widget\" data-widget_type=\"button.default\">\n\t\t\t\t<div class=\"elementor-widget-container\">\n\t\t\t\t\t<div class=\"elementor-button-wrapper\">\n\t\t\t<a class=\"elementor-button elementor-button-link elementor-size-sm\" href=\"https:\/\/sermujerytrabajo.es\/wp-content\/uploads\/2024\/12\/Directiva-plataformas-pdf.pdf\">\n\t\t\t\t\t\t<span class=\"elementor-button-content-wrapper\">\n\t\t\t\t\t\t\t\t\t<span class=\"elementor-button-text\">DIRECTIVA PLATAFORMAS. ALGUNOS AVANCES SIN GAFAS MORADAS. POR PABLO GIMENO D\u00cdAZ DE ATAURI -Diciembre 2024<\/span>\n\t\t\t\t\t<\/span>\n\t\t\t\t\t<\/a>\n\t\t<\/div>\n\t\t\t\t<\/div>\n\t\t\t\t<\/div>\n\t\t\t\t<div class=\"elementor-element elementor-element-2072b76 elementor-align-center elementor-widget elementor-widget-button\" data-id=\"2072b76\" data-element_type=\"widget\" data-widget_type=\"button.default\">\n\t\t\t\t<div class=\"elementor-widget-container\">\n\t\t\t\t\t<div class=\"elementor-button-wrapper\">\n\t\t\t<a class=\"elementor-button elementor-button-link elementor-size-sm\" href=\"https:\/\/sermujerytrabajo.es\/wp-content\/uploads\/2024\/11\/LAS-FAMILIAS-MONOPARENTALES-SERAN-DEFINITAVAMENTE-TRATADAS-EN-CONDICIONES-DE-IGUALDAD-RESPECTO-A-LAS-BIPARENTALES-EN-LO-QUE-RESPECTA-AL-DERECHO-DE-DISFRUTE-DEL-PERMISO-POR-NACI-1.pdf\">\n\t\t\t\t\t\t<span class=\"elementor-button-content-wrapper\">\n\t\t\t\t\t\t\t\t\t<span class=\"elementor-button-text\">PERMISO POR NACIMIENTO Y CUIDADO DEL MENOR.  FAMILIAS MONOPARENTALES\/ FAMILIAS BIPARENTALES  POR M. BEGO\u00d1A GARC\u00cdA GIL- Noviembre 2024<\/span>\n\t\t\t\t\t<\/span>\n\t\t\t\t\t<\/a>\n\t\t<\/div>\n\t\t\t\t<\/div>\n\t\t\t\t<\/div>\n\t\t\t\t<div class=\"elementor-element elementor-element-5d048e9 elementor-align-center elementor-widget elementor-widget-button\" data-id=\"5d048e9\" data-element_type=\"widget\" data-widget_type=\"button.default\">\n\t\t\t\t<div class=\"elementor-widget-container\">\n\t\t\t\t\t<div class=\"elementor-button-wrapper\">\n\t\t\t<a class=\"elementor-button elementor-button-link elementor-size-sm\" href=\"https:\/\/sermujerytrabajo.es\/?p=6711\">\n\t\t\t\t\t\t<span class=\"elementor-button-content-wrapper\">\n\t\t\t\t\t\t\t\t\t<span class=\"elementor-button-text\">EFECTOS SOCIOECON\u00d3MICOS DE LA IA. POR JES\u00daS LIZCANO- Octubre 2024<\/span>\n\t\t\t\t\t<\/span>\n\t\t\t\t\t<\/a>\n\t\t<\/div>\n\t\t\t\t<\/div>\n\t\t\t\t<\/div>\n\t\t\t\t<div class=\"elementor-element elementor-element-6e3c853 elementor-align-center elementor-widget elementor-widget-button\" data-id=\"6e3c853\" data-element_type=\"widget\" data-widget_type=\"button.default\">\n\t\t\t\t<div class=\"elementor-widget-container\">\n\t\t\t\t\t<div class=\"elementor-button-wrapper\">\n\t\t\t<a class=\"elementor-button elementor-button-link elementor-size-sm\" href=\"https:\/\/sermujerytrabajo.es\/wp-content\/uploads\/2024\/11\/EL-ACTUAL-REPLANTEAMIENTO-DEL-MODELO-DE-CUIDADOS-COMO-NECESIDAD-ACUCIANTE.pdf\">\n\t\t\t\t\t\t<span class=\"elementor-button-content-wrapper\">\n\t\t\t\t\t\t\t\t\t<span class=\"elementor-button-text\">EL ACTUAL REPLANTEAMIENDO DEL MODELO DE CUIDADOS COMO NECESIDAD ACUCIENTE: LA NUEVA ESTRATEGIA ESTATAL PARA UN NUEVO MODELO DE CUIDADOS EN LA COMUNIDAD, POR SUSANA RODALDAN AYUSO- Julio 2024<\/span>\n\t\t\t\t\t<\/span>\n\t\t\t\t\t<\/a>\n\t\t<\/div>\n\t\t\t\t<\/div>\n\t\t\t\t<\/div>\n\t\t\t\t<div class=\"elementor-element elementor-element-c8ba51e elementor-align-center elementor-widget elementor-widget-button\" data-id=\"c8ba51e\" data-element_type=\"widget\" data-widget_type=\"button.default\">\n\t\t\t\t<div class=\"elementor-widget-container\">\n\t\t\t\t\t<div class=\"elementor-button-wrapper\">\n\t\t\t<a class=\"elementor-button elementor-button-link elementor-size-sm\" href=\"https:\/\/sermujerytrabajo.es\/wp-content\/uploads\/2024\/11\/LA-NUEVA-LEY-DE-INTELIGENCIA-ARTIFICIAL-Y-EL-TRABAJO-DE-LA-MUJER.pdf\">\n\t\t\t\t\t\t<span class=\"elementor-button-content-wrapper\">\n\t\t\t\t\t\t\t\t\t<span class=\"elementor-button-text\">LA NUEVA LEY DE INTELIGENCIA ARTIFICIAL Y EL TRABAJO DE LA MUJER. POR MANUELA DUR\u00c1N BERNARDINO<\/span>\n\t\t\t\t\t<\/span>\n\t\t\t\t\t<\/a>\n\t\t<\/div>\n\t\t\t\t<\/div>\n\t\t\t\t<\/div>\n\t\t\t\t\t<\/div>\n\t\t<\/div>\n\t\t\t\t\t<\/div>\n\t\t<\/section>\n\t\t\t\t<section class=\"elementor-section elementor-top-section elementor-element elementor-element-c2300b3 elementor-section-boxed elementor-section-height-default elementor-section-height-default\" data-id=\"c2300b3\" data-element_type=\"section\">\n\t\t\t\t\t\t<div class=\"elementor-container elementor-column-gap-default\">\n\t\t\t\t\t<div class=\"elementor-column elementor-col-100 elementor-top-column elementor-element elementor-element-166b908\" data-id=\"166b908\" data-element_type=\"column\">\n\t\t\t<div class=\"elementor-widget-wrap elementor-element-populated\">\n\t\t\t\t\t\t<div class=\"elementor-element elementor-element-8e9b2e8 elementor-align-center elementor-widget elementor-widget-button\" data-id=\"8e9b2e8\" data-element_type=\"widget\" data-widget_type=\"button.default\">\n\t\t\t\t<div class=\"elementor-widget-container\">\n\t\t\t\t\t<div class=\"elementor-button-wrapper\">\n\t\t\t<a class=\"elementor-button elementor-button-link elementor-size-sm\" href=\"https:\/\/sermujerytrabajo.es\/wp-content\/uploads\/2024\/11\/MUJERES-EN-CIFRAS-2023.pdf\">\n\t\t\t\t\t\t<span class=\"elementor-button-content-wrapper\">\n\t\t\t\t\t\t\t\t\t<span class=\"elementor-button-text\">MUJERES EN CIFRAS 2023: AVANZAMOS MUY LENTAMENTE. POR ROSA MART\u00cdNEZ- Septiembre 2021<\/span>\n\t\t\t\t\t<\/span>\n\t\t\t\t\t<\/a>\n\t\t<\/div>\n\t\t\t\t<\/div>\n\t\t\t\t<\/div>\n\t\t\t\t\t<\/div>\n\t\t<\/div>\n\t\t\t\t\t<\/div>\n\t\t<\/section>\n\t\t\t\t<section class=\"elementor-section elementor-top-section elementor-element elementor-element-745358b elementor-section-boxed elementor-section-height-default elementor-section-height-default\" data-id=\"745358b\" data-element_type=\"section\">\n\t\t\t\t\t\t<div class=\"elementor-container elementor-column-gap-default\">\n\t\t\t\t\t<div class=\"elementor-column elementor-col-100 elementor-top-column elementor-element elementor-element-1e4544a\" data-id=\"1e4544a\" data-element_type=\"column\">\n\t\t\t<div class=\"elementor-widget-wrap elementor-element-populated\">\n\t\t\t\t\t\t<div class=\"elementor-element elementor-element-2a5a298 elementor-widget elementor-widget-spacer\" data-id=\"2a5a298\" data-element_type=\"widget\" data-widget_type=\"spacer.default\">\n\t\t\t\t<div class=\"elementor-widget-container\">\n\t\t\t\t\t<div class=\"elementor-spacer\">\n\t\t\t<div class=\"elementor-spacer-inner\"><\/div>\n\t\t<\/div>\n\t\t\t\t<\/div>\n\t\t\t\t<\/div>\n\t\t\t\t\t<\/div>\n\t\t<\/div>\n\t\t\t\t\t<\/div>\n\t\t<\/section>\n\t\t\t\t<\/div>\n\t\t","protected":false},"excerpt":{"rendered":"<p>LUCES Y SOMBRAS DEL EMPLEO FEMENINO EN 2025: M\u00c1S ACTIVAS, M\u00c1S OCUPADAS MAYORES DE 50 Y M\u00c1S EXTRANJERAS. PERO MENOR PESSO EN EL EMPLEO Por Rosa Mart\u00ednez y Juan Carlos Campa\u00f1a &#8211; Marzo 2026 PERSPECTIVA DE GENERO COMO PRINCPIO EN LA MODIFICACI\u00d3N DE LA LEY DE PREVENCI\u00d3N DE RIESGOS LABORALES [&hellip;]<\/p>\n","protected":false},"author":3,"featured_media":0,"parent":0,"menu_order":0,"comment_status":"closed","ping_status":"closed","template":"","meta":{"footnotes":""},"class_list":["post-5845","page","type-page","status-publish","hentry"],"yoast_head":"<!-- This site is optimized with the Yoast SEO plugin v15.2 - https:\/\/yoast.com\/wordpress\/plugins\/seo\/ -->\n<title>OPINI\u00d3N -<\/title>\n<meta name=\"description\" content=\"Proyecto de investigaci\u00f3n I+D \u00abRetos de investigaci\u00f3n\u00bb concedido en el marco del Programa Estatal I+D+i orientada a los Retos de la Sociedad del Ministerio de Ciencia, Innovaci\u00f3n y Universidades (Ref. externa: RTI2018-095398-B-100)\" \/>\n<meta name=\"robots\" content=\"index, follow, max-snippet:-1, max-image-preview:large, max-video-preview:-1\" \/>\n<link rel=\"canonical\" href=\"https:\/\/sermujerytrabajo.es\/?page_id=5845\" \/>\n<meta property=\"og:locale\" content=\"es_ES\" \/>\n<meta property=\"og:type\" content=\"article\" \/>\n<meta property=\"og:title\" content=\"OPINI\u00d3N -\" \/>\n<meta property=\"og:description\" content=\"Proyecto de investigaci\u00f3n I+D \u00abRetos de investigaci\u00f3n\u00bb concedido en el marco del Programa Estatal I+D+i orientada a los Retos de la Sociedad del Ministerio de Ciencia, Innovaci\u00f3n y Universidades (Ref. externa: RTI2018-095398-B-100)\" \/>\n<meta property=\"og:url\" content=\"https:\/\/sermujerytrabajo.es\/?page_id=5845\" \/>\n<meta property=\"article:modified_time\" content=\"2026-04-22T11:50:14+00:00\" \/>\n<meta name=\"twitter:card\" content=\"summary_large_image\" \/>\n<meta name=\"twitter:label1\" value=\"Escrito por\">\n\t<meta name=\"twitter:data1\" value=\"Maria Bego\u00f1a Garc\u00eda Gil\">\n\t<meta name=\"twitter:label2\" value=\"Tiempo de lectura\">\n\t<meta name=\"twitter:data2\" value=\"1 minuto\">\n<script type=\"application\/ld+json\" class=\"yoast-schema-graph\">{\"@context\":\"https:\/\/schema.org\",\"@graph\":[{\"@type\":\"Organization\",\"@id\":\"https:\/\/sermujerytrabajo.es\/#organization\",\"name\":\"Ser mujer en el mercado de trabajo\",\"url\":\"https:\/\/sermujerytrabajo.es\/\",\"sameAs\":[],\"logo\":{\"@type\":\"ImageObject\",\"@id\":\"https:\/\/sermujerytrabajo.es\/#logo\",\"inLanguage\":\"es\",\"url\":\"https:\/\/sermujerytrabajo.es\/wp-content\/uploads\/2020\/09\/d134bcc4-4ca2-476c-bef9-f663ae8535d2_200x200.png\",\"width\":200,\"height\":200,\"caption\":\"Ser mujer en el mercado de trabajo\"},\"image\":{\"@id\":\"https:\/\/sermujerytrabajo.es\/#logo\"}},{\"@type\":\"WebSite\",\"@id\":\"https:\/\/sermujerytrabajo.es\/#website\",\"url\":\"https:\/\/sermujerytrabajo.es\/\",\"name\":\"\",\"description\":\"\",\"publisher\":{\"@id\":\"https:\/\/sermujerytrabajo.es\/#organization\"},\"potentialAction\":[{\"@type\":\"SearchAction\",\"target\":\"https:\/\/sermujerytrabajo.es\/?s={search_term_string}\",\"query-input\":\"required name=search_term_string\"}],\"inLanguage\":\"es\"},{\"@type\":\"WebPage\",\"@id\":\"https:\/\/sermujerytrabajo.es\/?page_id=5845#webpage\",\"url\":\"https:\/\/sermujerytrabajo.es\/?page_id=5845\",\"name\":\"OPINI\\u00d3N -\",\"isPartOf\":{\"@id\":\"https:\/\/sermujerytrabajo.es\/#website\"},\"datePublished\":\"2024-03-07T20:07:34+00:00\",\"dateModified\":\"2026-04-22T11:50:14+00:00\",\"description\":\"Proyecto de investigaci\\u00f3n I+D \\u00abRetos de investigaci\\u00f3n\\u00bb concedido en el marco del Programa Estatal I+D+i orientada a los Retos de la Sociedad del Ministerio de Ciencia, Innovaci\\u00f3n y Universidades (Ref. externa: RTI2018-095398-B-100)\",\"inLanguage\":\"es\",\"potentialAction\":[{\"@type\":\"ReadAction\",\"target\":[\"https:\/\/sermujerytrabajo.es\/?page_id=5845\"]}]}]}<\/script>\n<!-- \/ Yoast SEO plugin. -->","jetpack_sharing_enabled":true,"_links":{"self":[{"href":"https:\/\/sermujerytrabajo.es\/index.php?rest_route=\/wp\/v2\/pages\/5845","targetHints":{"allow":["GET"]}}],"collection":[{"href":"https:\/\/sermujerytrabajo.es\/index.php?rest_route=\/wp\/v2\/pages"}],"about":[{"href":"https:\/\/sermujerytrabajo.es\/index.php?rest_route=\/wp\/v2\/types\/page"}],"author":[{"embeddable":true,"href":"https:\/\/sermujerytrabajo.es\/index.php?rest_route=\/wp\/v2\/users\/3"}],"replies":[{"embeddable":true,"href":"https:\/\/sermujerytrabajo.es\/index.php?rest_route=%2Fwp%2Fv2%2Fcomments&post=5845"}],"version-history":[{"count":119,"href":"https:\/\/sermujerytrabajo.es\/index.php?rest_route=\/wp\/v2\/pages\/5845\/revisions"}],"predecessor-version":[{"id":8639,"href":"https:\/\/sermujerytrabajo.es\/index.php?rest_route=\/wp\/v2\/pages\/5845\/revisions\/8639"}],"wp:attachment":[{"href":"https:\/\/sermujerytrabajo.es\/index.php?rest_route=%2Fwp%2Fv2%2Fmedia&parent=5845"}],"curies":[{"name":"wp","href":"https:\/\/api.w.org\/{rel}","templated":true}]}}